{"id":8,"date":"2015-01-28T22:51:37","date_gmt":"2015-01-28T22:51:37","guid":{"rendered":"http:\/\/cronicasdamadrugada.com\/wpc\/?page_id=8"},"modified":"2019-05-26T23:14:38","modified_gmt":"2019-05-26T23:14:38","slug":"sobre","status":"publish","type":"page","link":"https:\/\/www.cronicasdamadrugada.com\/wpc\/sobre\/","title":{"rendered":"Sobre"},"content":{"rendered":"<p><span class=\"wpsdc-drop-cap\">H<\/span>\u00e1 algo de tr\u00e1gico quando arde a palavra escrita.<br \/>\nSeja na mente de Ray Bradbury, nas labaredas da Biblioteca de Alexandria, nas fogueiras de p\u00e1ginas que iluminaram as pra\u00e7as de Berlim dos anos 30, nas pinceladas barrocas de Lucio Massari ou at\u00e9 o fogo ateado aos manuscritos de Tombuctu. \u00c9 a pior das chamas. A mais fria, a mais feia, a menos luminosa.<\/p>\n<p style=\"text-align: left;\"><a href=\"http:\/\/cronicasdamadrugada.com\/wpc\/wp-content\/uploads\/2015\/01\/IMG_64611.jpg\"><img loading=\"lazy\" decoding=\"async\" class=\" wp-image-101 alignleft\" src=\"http:\/\/cronicasdamadrugada.com\/wpc\/wp-content\/uploads\/2015\/01\/IMG_64611-683x1024.jpg\" alt=\"IMG_64611\" width=\"472\" height=\"708\" srcset=\"https:\/\/www.cronicasdamadrugada.com\/wpc\/wp-content\/uploads\/2015\/01\/IMG_64611-683x1024.jpg 683w, https:\/\/www.cronicasdamadrugada.com\/wpc\/wp-content\/uploads\/2015\/01\/IMG_64611-600x900.jpg 600w, https:\/\/www.cronicasdamadrugada.com\/wpc\/wp-content\/uploads\/2015\/01\/IMG_64611-200x300.jpg 200w\" sizes=\"auto, (max-width: 472px) 100vw, 472px\" \/><\/a><\/p>\n<h4><\/h4>\n<p>&nbsp;<\/p>\n<p style=\"text-align: left;\">Imaginei este portal como um quarto de preserva\u00e7\u00e3o antifogo para os meus textos. Os do passado e os do futuro. Aqueles que publiquei em p\u00e1ginas de jornais, em e-zines, em redes sociais, os que repousam na gaveta ou aqueles que est\u00e3o ainda por nascer.<\/p>\n<p style=\"text-align: left;\">O quarto tem tr\u00eas compartimentos principais: \u201cCr\u00f3nicas da Reda\u00e7\u00e3o\u201d, \u201cCr\u00f3nicas Recicladas\u201d, \u201cCr\u00f3nicas In\u00e9ditas\u201d.<\/p>\n<p>&nbsp;<\/p>\n<p style=\"text-align: left;\">Na sec\u00e7\u00e3o \u201cCr\u00f3nicas da Reda\u00e7\u00e3o\u201d ir\u00e3o ser ressuscitados alguns trabalhos jornal\u00edsticos que publiquei em diversos meios de comunica\u00e7\u00e3o social e pelos quais nutro alguma afei\u00e7\u00e3o.<\/p>\n<p style=\"text-align: left;\">A sec\u00e7\u00e3o \u201cCr\u00f3nicas Recicladas\u201d ir\u00e1 conter v\u00e1rios textos que se encontram espalhados pelos vastos terrenos da Internet ou ent\u00e3o em publica\u00e7\u00f5es de natureza n\u00e3o jornal\u00edstica.<\/p>\n<p style=\"text-align: left;\">A sec\u00e7\u00e3o \u201cCr\u00f3nicas In\u00e9ditas\u201d \u00e9 onde ser\u00e3o reanimados textos adormecidos (na gaveta ou na minha mente) que, por um motivo ou outro, nunca viram a luz do dia. \u00c9 a sec\u00e7\u00e3o das palavras acabadas de nascer, das novidades, dos exclusivos.<\/p>\n<p style=\"text-align: left;\">H\u00e1 ainda um quarto compartimento: &#8220;Cr\u00f3nicas Especiais&#8221;.\u00a0 Aqui s\u00e3o reunidos textos que s\u00e3o divididos em v\u00e1rios cap\u00edtulos, com continuidade narrativa. Assim \u00e9 mais f\u00e1cil seguir essas hist\u00f3rias.<\/p>\n<p>L\u00e1 dentro, est\u00e3o reunidas duas novas rubricas. &#8220;Cr\u00f3nicas de um Playmobil&#8221; e &#8220;Cr\u00f3nicas Marroquinas&#8221;, cujos des\u00edgnios podem ser consultados nos prel\u00fadios l\u00e1 publicados.<\/p>\n<p>&nbsp;<\/p>\n<p>O\u00a0batismo do quarto tem uma explica\u00e7\u00e3o muito simples.<\/p>\n<p style=\"text-align: left;\">A inspira\u00e7\u00e3o \u00e9 uma amante que me visita de noite.<\/p>\n","protected":false},"excerpt":{"rendered":"<p>H\u00e1 algo de tr\u00e1gico quando arde a palavra escrita. Seja na mente de Ray Bradbury, nas labaredas da Biblioteca de Alexandria, nas fogueiras de p\u00e1ginas que iluminaram as pra\u00e7as de Berlim dos anos 30, nas pinceladas barrocas de Lucio Massari ou at\u00e9 o fogo ateado aos manuscritos de Tombuctu. \u00c9 a pior das chamas. A mais fria, a mais feia, a menos luminosa. &nbsp; Imaginei este portal como um quarto de preserva\u00e7\u00e3o antifogo para os meus textos. Os do passado e os do futuro. Aqueles que publiquei em p\u00e1ginas de jornais, em e-zines, em redes sociais, os que repousam na gaveta ou aqueles que est\u00e3o ainda por nascer. O quarto tem tr\u00eas compartimentos principais: \u201cCr\u00f3nicas da Reda\u00e7\u00e3o\u201d, \u201cCr\u00f3nicas Recicladas\u201d, \u201cCr\u00f3nicas In\u00e9ditas\u201d. &nbsp; Na sec\u00e7\u00e3o \u201cCr\u00f3nicas da Reda\u00e7\u00e3o\u201d ir\u00e3o ser ressuscitados alguns trabalhos jornal\u00edsticos que publiquei em diversos meios de comunica\u00e7\u00e3o social e pelos quais nutro alguma afei\u00e7\u00e3o. A sec\u00e7\u00e3o \u201cCr\u00f3nicas Recicladas\u201d ir\u00e1 conter v\u00e1rios textos que se encontram espalhados pelos vastos terrenos da Internet ou ent\u00e3o em publica\u00e7\u00f5es de natureza n\u00e3o jornal\u00edstica. A sec\u00e7\u00e3o \u201cCr\u00f3nicas In\u00e9ditas\u201d \u00e9 onde ser\u00e3o reanimados textos adormecidos (na gaveta ou na minha mente) que, por um motivo ou outro, nunca viram a luz do dia. \u00c9 a sec\u00e7\u00e3o das palavras acabadas de nascer, das novidades, dos exclusivos. H\u00e1 ainda um quarto compartimento: &#8220;Cr\u00f3nicas Especiais&#8221;.\u00a0 Aqui s\u00e3o reunidos textos que s\u00e3o divididos em v\u00e1rios cap\u00edtulos, com continuidade narrativa. Assim \u00e9 mais f\u00e1cil seguir essas hist\u00f3rias. L\u00e1 dentro, est\u00e3o reunidas duas novas rubricas. &#8220;Cr\u00f3nicas de um Playmobil&#8221;&#8230;<\/p>\n","protected":false},"author":1,"featured_media":0,"parent":0,"menu_order":0,"comment_status":"open","ping_status":"open","template":"","meta":{"sfsi_plus_gutenberg_text_before_share":"","sfsi_plus_gutenberg_show_text_before_share":"","sfsi_plus_gutenberg_icon_type":"","sfsi_plus_gutenberg_icon_alignemt":"","sfsi_plus_gutenburg_max_per_row":"","_monsterinsights_skip_tracking":false,"_monsterinsights_sitenote_active":false,"_monsterinsights_sitenote_note":"","_monsterinsights_sitenote_category":0,"footnotes":""},"class_list":["post-8","page","type-page","status-publish","hentry"],"yoast_head":"<!-- This site is optimized with the Yoast SEO plugin v26.9 - https:\/\/yoast.com\/product\/yoast-seo-wordpress\/ -->\n<title>Sobre | CR\u00d3NICAS DA MADRUGADA<\/title>\n<meta name=\"robots\" content=\"index, follow, max-snippet:-1, max-image-preview:large, max-video-preview:-1\" \/>\n<link rel=\"canonical\" href=\"https:\/\/www.cronicasdamadrugada.com\/wpc\/sobre\/\" \/>\n<meta property=\"og:locale\" content=\"pt_PT\" \/>\n<meta property=\"og:type\" content=\"article\" \/>\n<meta property=\"og:title\" content=\"Sobre | CR\u00d3NICAS DA MADRUGADA\" \/>\n<meta property=\"og:description\" content=\"H\u00e1 algo de tr\u00e1gico quando arde a palavra escrita. Seja na mente de Ray Bradbury, nas labaredas da Biblioteca de Alexandria, nas fogueiras de p\u00e1ginas que iluminaram as pra\u00e7as de Berlim dos anos 30, nas pinceladas barrocas de Lucio Massari ou at\u00e9 o fogo ateado aos manuscritos de Tombuctu.\u00a0\u00c9 a pior das chamas. A mais &hellip;\" \/>\n<meta property=\"og:url\" content=\"https:\/\/www.cronicasdamadrugada.com\/wpc\/sobre\/\" \/>\n<meta property=\"og:site_name\" content=\"CR\u00d3NICAS DA MADRUGADA\" \/>\n<meta property=\"article:publisher\" content=\"https:\/\/www.facebook.com\/cronicasmadrugada\/\" \/>\n<meta property=\"article:modified_time\" content=\"2019-05-26T23:14:38+00:00\" \/>\n<meta property=\"og:image\" content=\"http:\/\/cronicasdamadrugada.com\/wpc\/wp-content\/uploads\/2015\/01\/IMG_64611-683x1024.jpg\" \/>\n<meta name=\"twitter:label1\" content=\"Tempo estimado de leitura\" \/>\n\t<meta name=\"twitter:data1\" content=\"2 minutos\" \/>\n<script type=\"application\/ld+json\" class=\"yoast-schema-graph\">{\"@context\":\"https:\/\/schema.org\",\"@graph\":[{\"@type\":\"WebPage\",\"@id\":\"https:\/\/www.cronicasdamadrugada.com\/wpc\/sobre\/\",\"url\":\"https:\/\/www.cronicasdamadrugada.com\/wpc\/sobre\/\",\"name\":\"Sobre | CR\u00d3NICAS DA MADRUGADA\",\"isPartOf\":{\"@id\":\"https:\/\/www.cronicasdamadrugada.com\/wpc\/#website\"},\"primaryImageOfPage\":{\"@id\":\"https:\/\/www.cronicasdamadrugada.com\/wpc\/sobre\/#primaryimage\"},\"image\":{\"@id\":\"https:\/\/www.cronicasdamadrugada.com\/wpc\/sobre\/#primaryimage\"},\"thumbnailUrl\":\"http:\/\/cronicasdamadrugada.com\/wpc\/wp-content\/uploads\/2015\/01\/IMG_64611-683x1024.jpg\",\"datePublished\":\"2015-01-28T22:51:37+00:00\",\"dateModified\":\"2019-05-26T23:14:38+00:00\",\"breadcrumb\":{\"@id\":\"https:\/\/www.cronicasdamadrugada.com\/wpc\/sobre\/#breadcrumb\"},\"inLanguage\":\"pt-PT\",\"potentialAction\":[{\"@type\":\"ReadAction\",\"target\":[\"https:\/\/www.cronicasdamadrugada.com\/wpc\/sobre\/\"]}]},{\"@type\":\"ImageObject\",\"inLanguage\":\"pt-PT\",\"@id\":\"https:\/\/www.cronicasdamadrugada.com\/wpc\/sobre\/#primaryimage\",\"url\":\"http:\/\/cronicasdamadrugada.com\/wpc\/wp-content\/uploads\/2015\/01\/IMG_64611-683x1024.jpg\",\"contentUrl\":\"http:\/\/cronicasdamadrugada.com\/wpc\/wp-content\/uploads\/2015\/01\/IMG_64611-683x1024.jpg\"},{\"@type\":\"BreadcrumbList\",\"@id\":\"https:\/\/www.cronicasdamadrugada.com\/wpc\/sobre\/#breadcrumb\",\"itemListElement\":[{\"@type\":\"ListItem\",\"position\":1,\"name\":\"Home\",\"item\":\"https:\/\/www.cronicasdamadrugada.com\/wpc\/\"},{\"@type\":\"ListItem\",\"position\":2,\"name\":\"Sobre\"}]},{\"@type\":\"WebSite\",\"@id\":\"https:\/\/www.cronicasdamadrugada.com\/wpc\/#website\",\"url\":\"https:\/\/www.cronicasdamadrugada.com\/wpc\/\",\"name\":\"CR\u00d3NICAS DA MADRUGADA\",\"description\":\"Reportagens, aventuras, viagens, mist\u00e9rios, cultura, emo\u00e7\u00f5es. Um mundo feito de p\u00e1ginas e cafe\u00edna para acompanhar as madrugadas mais solit\u00e1rias.\",\"potentialAction\":[{\"@type\":\"SearchAction\",\"target\":{\"@type\":\"EntryPoint\",\"urlTemplate\":\"https:\/\/www.cronicasdamadrugada.com\/wpc\/?s={search_term_string}\"},\"query-input\":{\"@type\":\"PropertyValueSpecification\",\"valueRequired\":true,\"valueName\":\"search_term_string\"}}],\"inLanguage\":\"pt-PT\"}]}<\/script>\n<!-- \/ Yoast SEO plugin. -->","yoast_head_json":{"title":"Sobre | CR\u00d3NICAS DA MADRUGADA","robots":{"index":"index","follow":"follow","max-snippet":"max-snippet:-1","max-image-preview":"max-image-preview:large","max-video-preview":"max-video-preview:-1"},"canonical":"https:\/\/www.cronicasdamadrugada.com\/wpc\/sobre\/","og_locale":"pt_PT","og_type":"article","og_title":"Sobre | CR\u00d3NICAS DA MADRUGADA","og_description":"H\u00e1 algo de tr\u00e1gico quando arde a palavra escrita. Seja na mente de Ray Bradbury, nas labaredas da Biblioteca de Alexandria, nas fogueiras de p\u00e1ginas que iluminaram as pra\u00e7as de Berlim dos anos 30, nas pinceladas barrocas de Lucio Massari ou at\u00e9 o fogo ateado aos manuscritos de Tombuctu.\u00a0\u00c9 a pior das chamas. A mais &hellip;","og_url":"https:\/\/www.cronicasdamadrugada.com\/wpc\/sobre\/","og_site_name":"CR\u00d3NICAS DA MADRUGADA","article_publisher":"https:\/\/www.facebook.com\/cronicasmadrugada\/","article_modified_time":"2019-05-26T23:14:38+00:00","og_image":[{"url":"http:\/\/cronicasdamadrugada.com\/wpc\/wp-content\/uploads\/2015\/01\/IMG_64611-683x1024.jpg","type":"","width":"","height":""}],"twitter_misc":{"Tempo estimado de leitura":"2 minutos"},"schema":{"@context":"https:\/\/schema.org","@graph":[{"@type":"WebPage","@id":"https:\/\/www.cronicasdamadrugada.com\/wpc\/sobre\/","url":"https:\/\/www.cronicasdamadrugada.com\/wpc\/sobre\/","name":"Sobre | CR\u00d3NICAS DA MADRUGADA","isPartOf":{"@id":"https:\/\/www.cronicasdamadrugada.com\/wpc\/#website"},"primaryImageOfPage":{"@id":"https:\/\/www.cronicasdamadrugada.com\/wpc\/sobre\/#primaryimage"},"image":{"@id":"https:\/\/www.cronicasdamadrugada.com\/wpc\/sobre\/#primaryimage"},"thumbnailUrl":"http:\/\/cronicasdamadrugada.com\/wpc\/wp-content\/uploads\/2015\/01\/IMG_64611-683x1024.jpg","datePublished":"2015-01-28T22:51:37+00:00","dateModified":"2019-05-26T23:14:38+00:00","breadcrumb":{"@id":"https:\/\/www.cronicasdamadrugada.com\/wpc\/sobre\/#breadcrumb"},"inLanguage":"pt-PT","potentialAction":[{"@type":"ReadAction","target":["https:\/\/www.cronicasdamadrugada.com\/wpc\/sobre\/"]}]},{"@type":"ImageObject","inLanguage":"pt-PT","@id":"https:\/\/www.cronicasdamadrugada.com\/wpc\/sobre\/#primaryimage","url":"http:\/\/cronicasdamadrugada.com\/wpc\/wp-content\/uploads\/2015\/01\/IMG_64611-683x1024.jpg","contentUrl":"http:\/\/cronicasdamadrugada.com\/wpc\/wp-content\/uploads\/2015\/01\/IMG_64611-683x1024.jpg"},{"@type":"BreadcrumbList","@id":"https:\/\/www.cronicasdamadrugada.com\/wpc\/sobre\/#breadcrumb","itemListElement":[{"@type":"ListItem","position":1,"name":"Home","item":"https:\/\/www.cronicasdamadrugada.com\/wpc\/"},{"@type":"ListItem","position":2,"name":"Sobre"}]},{"@type":"WebSite","@id":"https:\/\/www.cronicasdamadrugada.com\/wpc\/#website","url":"https:\/\/www.cronicasdamadrugada.com\/wpc\/","name":"CR\u00d3NICAS DA MADRUGADA","description":"Reportagens, aventuras, viagens, mist\u00e9rios, cultura, emo\u00e7\u00f5es. Um mundo feito de p\u00e1ginas e cafe\u00edna para acompanhar as madrugadas mais solit\u00e1rias.","potentialAction":[{"@type":"SearchAction","target":{"@type":"EntryPoint","urlTemplate":"https:\/\/www.cronicasdamadrugada.com\/wpc\/?s={search_term_string}"},"query-input":{"@type":"PropertyValueSpecification","valueRequired":true,"valueName":"search_term_string"}}],"inLanguage":"pt-PT"}]}},"_links":{"self":[{"href":"https:\/\/www.cronicasdamadrugada.com\/wpc\/wp-json\/wp\/v2\/pages\/8","targetHints":{"allow":["GET"]}}],"collection":[{"href":"https:\/\/www.cronicasdamadrugada.com\/wpc\/wp-json\/wp\/v2\/pages"}],"about":[{"href":"https:\/\/www.cronicasdamadrugada.com\/wpc\/wp-json\/wp\/v2\/types\/page"}],"author":[{"embeddable":true,"href":"https:\/\/www.cronicasdamadrugada.com\/wpc\/wp-json\/wp\/v2\/users\/1"}],"replies":[{"embeddable":true,"href":"https:\/\/www.cronicasdamadrugada.com\/wpc\/wp-json\/wp\/v2\/comments?post=8"}],"version-history":[{"count":34,"href":"https:\/\/www.cronicasdamadrugada.com\/wpc\/wp-json\/wp\/v2\/pages\/8\/revisions"}],"predecessor-version":[{"id":1464,"href":"https:\/\/www.cronicasdamadrugada.com\/wpc\/wp-json\/wp\/v2\/pages\/8\/revisions\/1464"}],"wp:attachment":[{"href":"https:\/\/www.cronicasdamadrugada.com\/wpc\/wp-json\/wp\/v2\/media?parent=8"}],"curies":[{"name":"wp","href":"https:\/\/api.w.org\/{rel}","templated":true}]}}